{"id":24805,"date":"2014-11-05T00:52:05","date_gmt":"2014-11-05T07:52:05","guid":{"rendered":"http:\/\/eltecolote.org\/content\/?page_id=24805"},"modified":"2024-04-14T16:41:44","modified_gmt":"2024-04-14T23:41:44","slug":"quienes-somos-2","status":"publish","type":"page","link":"https:\/\/eltecolote.org\/content\/es\/quienes-somos-2\/","title":{"rendered":"Qui\u00e9nes Somos"},"content":{"rendered":"\n<p>El peri\u00f3dico El Tecolote comenz\u00f3 como parte de una clase de \u2018Estudios de la Raza\u2019 en la Universidad Estatal de San Francisco (SFSU por sus siglas en ingl\u00e9s). El maestro Juan Gonz\u00e1les cre\u00f3 la clase para atraer a estudiantes latinos a la carrera de periodismo. En los a\u00f1os 70, los latinos \u2014as\u00ed como otras personas de color\u2014 apenas si estaban presentes en las salas de redacci\u00f3n de los peri\u00f3dicos m\u00e1s importantes.<\/p>\n\n\n\n<p>Como proyecto final de la clase, los estudiantes ten\u00edan que producir un peri\u00f3dico biling\u00fce llamado El Tecolote, que sali\u00f3 a la luz por primera vez el 24 de agosto de 1970. El peri\u00f3dico pas\u00f3 r\u00e1pidamente a formar parte de la comunidad, convirti\u00e9ndose en un foro de capacitaci\u00f3n para la formaci\u00f3n de periodistas defensores de la comunidad.<\/p>\n\n\n\n<p>El Tecolote comenz\u00f3 como un esfuerzo de voluntariado y a\u00fan hoy contin\u00faa esa misma ruta: aproximadamente un 90 por ciento del personal sigue siendo voluntario. Es el peri\u00f3dico comunitario en espa\u00f1ol e ingl\u00e9s que m\u00e1s tiempo lleva saliendo a las calles de California.<\/p>\n\n\n\n<p>El peri\u00f3dico ha jugado un papel importante de defensa de la comunidad, haciendo suyos asuntos comunitarios cruciales que los medios de comunicaci\u00f3n establecidos ignoran con frecuencia. Algunos de estos asuntos son:<\/p>\n\n\n\n<p>A inicios de los a\u00f1os 70, El Tecolote emprendi\u00f3 una investigaci\u00f3n sobre el tel\u00e9fono de urgencias 911 que dur\u00f3 dos a\u00f1os, y en la que se descubri\u00f3 que la asistencia telef\u00f3nica se demoraba 4 minutos m\u00e1s si la ayuda era en espa\u00f1ol. La cobertura de esta noticia sobre la ausencia de trabajadores biling\u00fces al contestar el tel\u00e9fono, junto con el activismo comunitario, resultaron en varias audiencias frente a la Comisi\u00f3n de Servicios P\u00fablicos de la ciudad de San Francisco.<\/p>\n\n\n\n<p>En el a\u00f1o 1977, El Tecolote recibi\u00f3 quejas de varios trabajadores del Hospital General de San Francisco, preocupados por la ausencia de traductores m\u00e9dicos profesionales. La consistente cobertura de El Tecolote sobre la problem\u00e1tica ayud\u00f3 a difundir los comentarios de la gente acerca de este tema de vida o muerte. Con el tiempo, el Departamento de Salud del Estado de California llev\u00f3 a cabo una investigaci\u00f3n y envi\u00f3 un documento de inconformidad al hospital sobre los servicios biling\u00fces. Diez meses despu\u00e9s de que comenzara la cobertura de El Tecolote, el hospital cre\u00f3 una unidad biling\u00fce con 26 int\u00e9rpretes entrenados en terminolog\u00eda m\u00e9dica.<\/p>\n\n\n\n<p>El Tecolote tambi\u00e9n ha jugado un papel importante a la hora de promocionar el talento de muchos artistas del barrio de la Misi\u00f3n. Nuestras p\u00e1ginas de \u2018Arte y Cultura\u2019 han sido en muchas ocasiones las primeras en cubrir a artistas locales que con el tiempo adquirir\u00edan fama. En el a\u00f1o 1971 publicamos una entrevista con Jos\u00e9 Santana, el orgulloso padre del talentoso e incipiente guitarrista Carlos Santana. El Tecolote fue el primero en cubrir a John Santos \u2014internacionalmente famoso percusionista de jazz latino\u2014 cuando era un chaval a quien arrestaron en el parque Dolores por tocar su conga demasiado fuerte. Estos son dos ejemplos nada m\u00e1s de una vasta colecci\u00f3n de art\u00edculos que reconocieron y promovieron el talento local.<\/p>\n\n\n\n<p>A lo largo de los a\u00f1os, el peri\u00f3dico ha publicado varios suplementos especiales, entre ellos una secci\u00f3n de literatura llamada Revista Literaria editada por reconocidos escritores latinos locales; una publicaci\u00f3n para j\u00f3venes llamada Fuerza Joven, que sirvi\u00f3 de entrenamiento para los j\u00f3venes del barrio; y fotonovelas informativas cubriendo temas como el Censo 2010, la depresi\u00f3n entre los j\u00f3venes y la violencia dom\u00e9stica.<\/p>\n\n\n\n<p>Los archivos de El Tecolote representan un documento hist\u00f3rico del activismo pol\u00edtico en el barrio de la Misi\u00f3n, as\u00ed como de la evoluci\u00f3n social, pol\u00edtica, cultural y econ\u00f3mica de nuestra comunidad desde el a\u00f1o 1970.<\/p>\n\n\n\n<p><strong>Continuando el legado<\/strong><br>Hoy d\u00eda El Tecolote sigue ofreciendo noticias locales originales, informando sobre el variado espectro de la vida de latinas y latinos.<\/p>\n\n\n\n<p>Est\u00e1 comprobado El Tecolote es un eficaz conducto que atrae a los latinos al periodismo. Varias de las personas que comenzaron su carrera period\u00edstica en El Tecolote como voluntarios o estudiantes en pr\u00e1cticas, continuar\u00edan trabajando como reporteros profesionales en medios de comunicaci\u00f3n establecidos. Entre ellos est\u00e1n H\u00e9ctor Tobar, anterior jefe de agencia en la Ciudad de M\u00e9xico para el peri\u00f3dico Los Angeles Times y varias otras personas que ahora trabajan para los peri\u00f3dicos West Palm Beach Post, Sacramento Bee, San Diego Tribune, Contra Costa Times, Modesto Bee, o en organizaciones como Center for Investigative Reporting. El servir como conducto es importante, sobre todo ahora, cuando solamente el 14 por ciento del personal editorial en las redacciones de los peri\u00f3dicos es latino, y cuando los programas de periodismo en las escuelas secundarias de las ciudades est\u00e1n desapareciendo como consecuencia de los recortes presupuestarios.<\/p>\n\n\n\n<p>Adem\u00e1s de la p\u00e1gina web, una semana s\u00ed y otra no, se distribuyen 10.000 ejemplares gratuitos de El Tecolote a lo largo y ancho de la Misi\u00f3n y del Este de la Bah\u00eda: en restaurantes, bibliotecas, cl\u00ednicas y centros comunitarios.<\/p>\n\n\n\n<p>El Tecolote pertenece a San Francisco Neighborhood Newspaper Association, una agrupaci\u00f3n de 16 peri\u00f3dicos de barrio de la ciudad, as\u00ed como co-fundadores de la organizaci\u00f3n New America Media, una red nacional de medios de comunicaci\u00f3n \u00e9tnicos.<\/p>\n\n\n\n<p>El Tecolote es una instituci\u00f3n comunitaria de a veras. Contribuyan a la supervivencia de El Tecolote con una donaci\u00f3n.<\/p>\n","protected":false},"excerpt":{"rendered":"<p>El peri\u00f3dico El Tecolote comenz\u00f3 como parte de una clase de \u2018Estudios de la Raza\u2019 en la Universidad Estatal de San Francisco (SFSU por sus siglas en ingl\u00e9s). El maestro Juan Gonz\u00e1les cre\u00f3 la clase para atraer a estudiantes latinos a la carrera de periodismo. En los a\u00f1os 70, los latinos \u2014as\u00ed como otras personas [&hellip;]<\/p>\n","protected":false},"author":35,"featured_media":0,"parent":0,"menu_order":0,"comment_status":"closed","ping_status":"closed","template":"","meta":{"newspack_popups_has_disabled_popups":false,"newspack_featured_image_position":"","newspack_hide_page_title":false,"newspack_show_share_buttons":false,"footnotes":""},"coauthors":[18445],"class_list":["post-24805","page","type-page","status-publish","hentry","entry"],"yoast_head":"<!-- This site is optimized with the Yoast SEO plugin v27.5 - https:\/\/yoast.com\/product\/yoast-seo-wordpress\/ -->\n<title>Qui\u00e9nes Somos - El Tecolote<\/title>\n<meta name=\"description\" content=\"El peri\u00f3dico El Tecolote comenz\u00f3 como parte de una clase de \u2018Estudios de la Raza\u2019 en la Universidad Estatal de San Francisco (SFSU por sus siglas en\" \/>\n<meta name=\"robots\" content=\"index, follow, max-snippet:-1, max-image-preview:large, max-video-preview:-1\" \/>\n<link rel=\"canonical\" href=\"https:\/\/eltecolote.org\/content\/es\/quienes-somos-2\/\" \/>\n<meta property=\"og:locale\" content=\"en_US\" \/>\n<meta property=\"og:type\" content=\"article\" \/>\n<meta property=\"og:title\" content=\"Qui\u00e9nes Somos - El Tecolote\" \/>\n<meta property=\"og:description\" content=\"El peri\u00f3dico El Tecolote comenz\u00f3 como parte de una clase de \u2018Estudios de la Raza\u2019 en la Universidad Estatal de San Francisco (SFSU por sus siglas en\" \/>\n<meta property=\"og:url\" content=\"https:\/\/eltecolote.org\/content\/es\/quienes-somos-2\/\" \/>\n<meta property=\"og:site_name\" content=\"El Tecolote\" \/>\n<meta property=\"article:publisher\" content=\"https:\/\/www.facebook.com\/ElTecoloteSF\/\" \/>\n<meta property=\"article:modified_time\" content=\"2024-04-14T23:41:44+00:00\" \/>\n<meta property=\"og:image\" content=\"https:\/\/i0.wp.com\/eltecolote.org\/content\/wp-content\/uploads\/2019\/10\/facebook.png?fit=8672%2C4960&quality=80&ssl=1\" \/>\n\t<meta property=\"og:image:width\" content=\"8672\" \/>\n\t<meta property=\"og:image:height\" content=\"4960\" \/>\n\t<meta property=\"og:image:type\" content=\"image\/png\" \/>\n<meta name=\"twitter:card\" content=\"summary_large_image\" \/>\n<meta name=\"twitter:site\" content=\"@eltecolotesf\" \/>\n<meta name=\"twitter:label1\" content=\"Est. reading time\" \/>\n\t<meta name=\"twitter:data1\" content=\"5 minutes\" \/>\n\t<meta name=\"twitter:label2\" content=\"Written by\" \/>\n\t<meta name=\"twitter:data2\" content=\"El Tecolote Staff\" \/>\n<script type=\"application\/ld+json\" class=\"yoast-schema-graph\">{\"@context\":\"https:\\\/\\\/schema.org\",\"@graph\":[{\"@type\":\"WebPage\",\"@id\":\"https:\\\/\\\/eltecolote.org\\\/content\\\/es\\\/quienes-somos-2\\\/\",\"url\":\"https:\\\/\\\/eltecolote.org\\\/content\\\/es\\\/quienes-somos-2\\\/\",\"name\":\"Qui\u00e9nes Somos - El Tecolote\",\"isPartOf\":{\"@id\":\"https:\\\/\\\/eltecolote.org\\\/content\\\/#website\"},\"datePublished\":\"2014-11-05T07:52:05+00:00\",\"dateModified\":\"2024-04-14T23:41:44+00:00\",\"description\":\"El peri\u00f3dico El Tecolote comenz\u00f3 como parte de una clase de \u2018Estudios de la Raza\u2019 en la Universidad Estatal de San Francisco (SFSU por sus siglas en\",\"inLanguage\":\"en\",\"potentialAction\":[{\"@type\":\"ReadAction\",\"target\":[\"https:\\\/\\\/eltecolote.org\\\/content\\\/es\\\/quienes-somos-2\\\/\"]}]},{\"@type\":\"WebSite\",\"@id\":\"https:\\\/\\\/eltecolote.org\\\/content\\\/#website\",\"url\":\"https:\\\/\\\/eltecolote.org\\\/content\\\/\",\"name\":\"El Tecolote\",\"description\":\"San Francisco's Latinx newspaper since 1970\",\"publisher\":{\"@id\":\"https:\\\/\\\/eltecolote.org\\\/content\\\/#organization\"},\"potentialAction\":[{\"@type\":\"SearchAction\",\"target\":{\"@type\":\"EntryPoint\",\"urlTemplate\":\"https:\\\/\\\/eltecolote.org\\\/content\\\/?s={search_term_string}\"},\"query-input\":{\"@type\":\"PropertyValueSpecification\",\"valueRequired\":true,\"valueName\":\"search_term_string\"}}],\"inLanguage\":\"en\"},{\"@type\":\"Organization\",\"@id\":\"https:\\\/\\\/eltecolote.org\\\/content\\\/#organization\",\"name\":\"El Tecolote\",\"url\":\"https:\\\/\\\/eltecolote.org\\\/content\\\/\",\"logo\":{\"@type\":\"ImageObject\",\"inLanguage\":\"en\",\"@id\":\"https:\\\/\\\/eltecolote.org\\\/content\\\/#\\\/schema\\\/logo\\\/image\\\/\",\"url\":\"https:\\\/\\\/i0.wp.com\\\/eltecolote.org\\\/content\\\/wp-content\\\/uploads\\\/2021\\\/05\\\/ETlogo-1.jpg?fit=400%2C400&ssl=1\",\"contentUrl\":\"https:\\\/\\\/i0.wp.com\\\/eltecolote.org\\\/content\\\/wp-content\\\/uploads\\\/2021\\\/05\\\/ETlogo-1.jpg?fit=400%2C400&ssl=1\",\"width\":400,\"height\":400,\"caption\":\"El Tecolote\"},\"image\":{\"@id\":\"https:\\\/\\\/eltecolote.org\\\/content\\\/#\\\/schema\\\/logo\\\/image\\\/\"},\"sameAs\":[\"https:\\\/\\\/www.facebook.com\\\/ElTecoloteSF\\\/\",\"https:\\\/\\\/x.com\\\/eltecolotesf\",\"https:\\\/\\\/www.instagram.com\\\/eltecolotesf\\\/\"]}]}<\/script>\n<!-- \/ Yoast SEO plugin. -->","yoast_head_json":{"title":"Qui\u00e9nes Somos - El Tecolote","description":"El peri\u00f3dico El Tecolote comenz\u00f3 como parte de una clase de \u2018Estudios de la Raza\u2019 en la Universidad Estatal de San Francisco (SFSU por sus siglas en","robots":{"index":"index","follow":"follow","max-snippet":"max-snippet:-1","max-image-preview":"max-image-preview:large","max-video-preview":"max-video-preview:-1"},"canonical":"https:\/\/eltecolote.org\/content\/es\/quienes-somos-2\/","og_locale":"en_US","og_type":"article","og_title":"Qui\u00e9nes Somos - El Tecolote","og_description":"El peri\u00f3dico El Tecolote comenz\u00f3 como parte de una clase de \u2018Estudios de la Raza\u2019 en la Universidad Estatal de San Francisco (SFSU por sus siglas en","og_url":"https:\/\/eltecolote.org\/content\/es\/quienes-somos-2\/","og_site_name":"El Tecolote","article_publisher":"https:\/\/www.facebook.com\/ElTecoloteSF\/","article_modified_time":"2024-04-14T23:41:44+00:00","og_image":[{"width":8672,"height":4960,"url":"https:\/\/i0.wp.com\/eltecolote.org\/content\/wp-content\/uploads\/2019\/10\/facebook.png?fit=8672%2C4960&quality=80&ssl=1","type":"image\/png"}],"twitter_card":"summary_large_image","twitter_site":"@eltecolotesf","twitter_misc":{"Est. reading time":"5 minutes","Written by":"El Tecolote Staff"},"schema":{"@context":"https:\/\/schema.org","@graph":[{"@type":"WebPage","@id":"https:\/\/eltecolote.org\/content\/es\/quienes-somos-2\/","url":"https:\/\/eltecolote.org\/content\/es\/quienes-somos-2\/","name":"Qui\u00e9nes Somos - El Tecolote","isPartOf":{"@id":"https:\/\/eltecolote.org\/content\/#website"},"datePublished":"2014-11-05T07:52:05+00:00","dateModified":"2024-04-14T23:41:44+00:00","description":"El peri\u00f3dico El Tecolote comenz\u00f3 como parte de una clase de \u2018Estudios de la Raza\u2019 en la Universidad Estatal de San Francisco (SFSU por sus siglas en","inLanguage":"en","potentialAction":[{"@type":"ReadAction","target":["https:\/\/eltecolote.org\/content\/es\/quienes-somos-2\/"]}]},{"@type":"WebSite","@id":"https:\/\/eltecolote.org\/content\/#website","url":"https:\/\/eltecolote.org\/content\/","name":"El Tecolote","description":"San Francisco's Latinx newspaper since 1970","publisher":{"@id":"https:\/\/eltecolote.org\/content\/#organization"},"potentialAction":[{"@type":"SearchAction","target":{"@type":"EntryPoint","urlTemplate":"https:\/\/eltecolote.org\/content\/?s={search_term_string}"},"query-input":{"@type":"PropertyValueSpecification","valueRequired":true,"valueName":"search_term_string"}}],"inLanguage":"en"},{"@type":"Organization","@id":"https:\/\/eltecolote.org\/content\/#organization","name":"El Tecolote","url":"https:\/\/eltecolote.org\/content\/","logo":{"@type":"ImageObject","inLanguage":"en","@id":"https:\/\/eltecolote.org\/content\/#\/schema\/logo\/image\/","url":"https:\/\/i0.wp.com\/eltecolote.org\/content\/wp-content\/uploads\/2021\/05\/ETlogo-1.jpg?fit=400%2C400&ssl=1","contentUrl":"https:\/\/i0.wp.com\/eltecolote.org\/content\/wp-content\/uploads\/2021\/05\/ETlogo-1.jpg?fit=400%2C400&ssl=1","width":400,"height":400,"caption":"El Tecolote"},"image":{"@id":"https:\/\/eltecolote.org\/content\/#\/schema\/logo\/image\/"},"sameAs":["https:\/\/www.facebook.com\/ElTecoloteSF\/","https:\/\/x.com\/eltecolotesf","https:\/\/www.instagram.com\/eltecolotesf\/"]}]}},"distributor_meta":false,"distributor_terms":false,"distributor_media":false,"distributor_original_site_name":"El Tecolote","distributor_original_site_url":"https:\/\/eltecolote.org\/content","push-errors":false,"_links":{"self":[{"href":"https:\/\/eltecolote.org\/content\/wp-json\/wp\/v2\/pages\/24805","targetHints":{"allow":["GET"]}}],"collection":[{"href":"https:\/\/eltecolote.org\/content\/wp-json\/wp\/v2\/pages"}],"about":[{"href":"https:\/\/eltecolote.org\/content\/wp-json\/wp\/v2\/types\/page"}],"author":[{"embeddable":true,"href":"https:\/\/eltecolote.org\/content\/wp-json\/wp\/v2\/users\/35"}],"replies":[{"embeddable":true,"href":"https:\/\/eltecolote.org\/content\/wp-json\/wp\/v2\/comments?post=24805"}],"version-history":[{"count":3,"href":"https:\/\/eltecolote.org\/content\/wp-json\/wp\/v2\/pages\/24805\/revisions"}],"predecessor-version":[{"id":60068,"href":"https:\/\/eltecolote.org\/content\/wp-json\/wp\/v2\/pages\/24805\/revisions\/60068"}],"wp:attachment":[{"href":"https:\/\/eltecolote.org\/content\/wp-json\/wp\/v2\/media?parent=24805"}],"wp:term":[{"taxonomy":"author","embeddable":true,"href":"https:\/\/eltecolote.org\/content\/wp-json\/wp\/v2\/coauthors?post=24805"}],"curies":[{"name":"wp","href":"https:\/\/api.w.org\/{rel}","templated":true}]}}